{"id":2269,"date":"2024-05-07T16:59:03","date_gmt":"2024-05-07T15:59:03","guid":{"rendered":"https:\/\/visitsandonatovaldicomino.it\/other\/uncategorized\/via-annunziata\/"},"modified":"2025-03-24T22:18:05","modified_gmt":"2025-03-24T20:18:05","slug":"via-annunziata","status":"publish","type":"job_listing","link":"https:\/\/visitsandonatovaldicomino.it\/en\/attraction\/via-annunziata\/","title":{"rendered":"Via Annunziata"},"featured_media":2619,"comment_status":"closed","ping_status":"closed","template":"","meta":[],"job_listing_category":[6],"region":[29],"case27_job_listing_tags":[32,31,153,34,716,33,152,160],"class_list":{"0":"post-2269","1":"job_listing","2":"type-job_listing","3":"status-publish","4":"has-post-thumbnail","5":"hentry","6":"job_listing_category-poi","7":"region-san-donato-val-di-comino","8":"case27_job_listing_tags-accessibile-ai-disabili","9":"case27_job_listing_tags-adatto-a-famiglie-e-bambini","10":"case27_job_listing_tags-audioguide-disponibili","11":"case27_job_listing_tags-parcheggio","12":"case27_job_listing_tags-percorso-borgo-antico","13":"case27_job_listing_tags-dog-friendly","14":"case27_job_listing_tags-possibilita-di-visita-guidata","15":"case27_job_listing_tags-visite-guidate","16":"tipologia-di-tour-questa-attrazione-fa-parte-di-un-percorso-guidato","17":"tipologia-di-tour-tour-di-piccoli-gruppi","18":"tipologia-di-tour-tour-individuale","19":"tipologia-di-tour-tour-privato","20":"adatto-per-coppie","21":"adatto-per-famiglie","22":"adatto-per-gruppi","23":"adatto-per-individuale","24":"tempo-necessario-fino-ad-1-ora","25":"tipologia-di-biglietto-non-prevede-un-biglietto","26":"lingue-disponibili-inglese","27":"lingue-disponibili-italiano","28":"stagione-tutte-le-stagioni","29":"audioguide-si-su-richiesta","30":"classificazione-punti-di-riferimenti-storici","32":""},"newaddress":"Via Campozzone, 119, 03046 San Donato Val di Comino FR, Italy","newlat":"41.70927","newlng":"13.81306","comments_ratings":false,"listing_data":{"_case27_listing_type":"discover","_adatto-per":["Gruppi","Individuale","Coppie","Bambini"],"_stagione-indicata":["Tutte le stagioni"],"_durata-tempo-di-visita":"Fino ad 1 ora","_lingue-disponibili":["Italiano","Inglese"],"_job_logo":["https:\/\/visitsandonatovaldicomino.it\/wp-content\/uploads\/2024\/05\/n11.png"],"_costo-del-biglietto":"","_job_website":"","_job_phone":"","_job_email":"","_work_hours":{"Monday":{"status":"enter-hours"},"Tuesday":{"status":"enter-hours"},"Wednesday":{"status":"enter-hours"},"Thursday":{"status":"enter-hours"},"Friday":{"status":"enter-hours"},"Saturday":{"status":"enter-hours"},"Sunday":{"status":"enter-hours"},"timezone":"UTC"},"_links":[],"_form_heading":"","_job_cover":["https:\/\/visitsandonatovaldicomino.it\/wp-content\/uploads\/2024\/05\/Via-Annunziata-003.jpg"],"_job_gallery":["https:\/\/visitsandonatovaldicomino.it\/wp-content\/uploads\/2024\/05\/Via-Annunziata-001.jpeg","https:\/\/visitsandonatovaldicomino.it\/wp-content\/uploads\/2024\/05\/Via-Annunziata-002.jpeg","https:\/\/visitsandonatovaldicomino.it\/wp-content\/uploads\/2024\/05\/Via-Annunziata-001.jpg","https:\/\/visitsandonatovaldicomino.it\/wp-content\/uploads\/2024\/05\/Via-Annunziata.jpeg","https:\/\/visitsandonatovaldicomino.it\/wp-content\/uploads\/2024\/05\/Via-Annunziata-004.jpg","https:\/\/visitsandonatovaldicomino.it\/wp-content\/uploads\/2024\/05\/Via-Annunziata-003.jpg","https:\/\/visitsandonatovaldicomino.it\/wp-content\/uploads\/2024\/05\/Via-Annunziata-1.jpeg","https:\/\/visitsandonatovaldicomino.it\/wp-content\/uploads\/2024\/05\/Via-Annunziata-2.jpeg","https:\/\/visitsandonatovaldicomino.it\/wp-content\/uploads\/2024\/05\/Via-Annunziata-3.jpeg"],"_location":"","_sentiero":"","_partenza":"","_arrivo":"","_tempo-di-percorrenza":"","_lunghezza":"","_dislivello":"","_yoast_indexnow_last_ping":"1742847433","_job_expires":"","_edit_lock":"1742847563:1","_edit_last":"1","cmplz_hide_cookiebanner":"","_yoast_wpseo_primary_job_listing_category":"","_yoast_wpseo_primary_region":"","_yoast_wpseo_focuskeywords":"[]","_yoast_wpseo_keywordsynonyms":"[\"\"]","_yoast_wpseo_estimated-reading-time-minutes":"2","_yoast_wpseo_wordproof_timestamp":"","_difficolta-simbolo":[],"_featured":"0","_claimed":"1","_yoast_wpseo_content_score":"60","_tipologia-di-biglietto":"Non prevede un biglietto","_tipologia-di-tour":["Questa attrazione fa parte di un percorso guidato","Tour di piccoli gruppi","Tour privato","Tour individuale"],"_sono-previste-audioguide":"Su richiesta","_tour-a-360":"","_domande-frequenti":"","_curiosit":"","_storie-correlate":"","tp_widgets":{"widgets":["plus-alignmnet-effect","plus-content-hover-effect","tp-mobile-menu","tp-social-1-2-layout","tp-social-sharing"],"update_at":"1775143111"},"_case27_review_count":"0","_thumbnail_id":"2619","_wc_memberships_force_public":"no","_wc_memberships_use_custom_content_restricted_message":"no","_yoast_wpseo_primary_tipologia-di-tour":"","_yoast_wpseo_primary_adatto-per":"","_yoast_wpseo_primary_tempo-necessario":"","_yoast_wpseo_primary_tipologia-di-biglietto":"","_yoast_wpseo_primary_lingue-disponibili":"","_yoast_wpseo_primary_stagione":"","_yoast_wpseo_primary_audioguide":"","_yoast_wpseo_focuskw":"Via Annunziata","_yoast_wpseo_linkdex":"70","_yoast_wpseo_twitter-description":"Via Annunziata a San Donato Val di Comino deve il suo nome a una chiesa un tempo situata sulle sponde del torrente Forca d'Acero.","_adattoper":[],"_tickettype":"","_tipologiatour":[],"_sono-previsteaudiog":"","_langdisp":[],"_wpml_media_has_media":"1","_wpml_media_duplicate":"1","_wpml_media_featured":"1","_yoast_wpseo_primary_classificazione":"","_wpml_location_migration_done":"1","_wpml_word_count":"{\"total\":239,\"to_translate\":{\"en\":239}}","_cmplz_scanned_post":"1","_elementor_page_assets":[],"_job_description":"La strada prende il nome dalla chiesa dedicata alla Madonna dell\u2019Annunziata, che sorgeva sulle rive del torrente Forca d\u2019Acero. L\u2019edificio, lungo 4,75 metri e largo circa 5, venne distrutto dalla catastrofica alluvione del 28 settembre 1798, preceduta da tuoni e lampi \u00abda parere il Giudizio Universale\u00bb.\r\n\r\nL\u2019alluvione distrusse l\u2019intera zona, detta Contrada La Nunziata, lasciando senza casa centododici persone. Stessa sorte sub\u00ec la vicina abitazione della famiglia Cellucci in localit\u00e0 Capo La Terra (oggi Piazza Pasquale Tempesta), che \u00abgalleggi\u00f2 per qualche tempo, come l\u2019arca di No\u00e8 e poi si sconquass\u00f2 e scomparve tra le acque\u00bb. L\u2019acqua raggiunse l\u2019altezza di 4 metri e si estese, in larghezza, per oltre 44 metri.\r\n\r\nQuesta la relazione dell\u2019abate Coletta nel libro dei Morti del 1798: \u00abDopo tre mesi di siccit\u00e0, finalmente piovve per tre giorni. Nella notte del 28 settembre cadde una quantit\u00e0 d\u2019acqua tale da sembrare un diluvio, con tuoni e fulmini che facevano pensare al giorno del giudizio. L\u2019alluvione che ne segu\u00ec devast\u00f2 il paese, con l\u2019acqua che raggiunse un\u2019altezza di 16 palmi e una larghezza di 168\u00bb.\r\n\r\nFino al 1848 esistevano i ruderi del basamento dell\u2019altare e tracce di un affresco che rappresentava la Santissima Annunziata. Ritrovate nel sito alcune monete d\u2019argento, si sparse notizia che vi fosse un tesoro nascosto: accorse gente da tutto il paese che inizi\u00f2 a scavare. Per ripristinare l\u2019ordine pubblico l\u2019allora sindaco Nicola Gatti fece ricorso alla Guardia nazionale.\r\n\r\nLa tragica alluvione caus\u00f2 danni significativi al territorio e all\u2019intera comunit\u00e0, segnando profondamente la storia del paese. Oggi Via Annunziata \u00e8 uno dei simboli in cui rivive il ricordo della forza della natura e della capacit\u00e0 degli abitanti di San Donato a superare ogni difficolt\u00e0.","_case27_listing_type_name":"Attrazioni"},"cost":{"currency":"EUR","price":"","merge":"EUR "},"pure_taxonomies":{"job_listing_category":[{"term_id":6,"name":"Punto di riferimento storico","slug":"poi","term_group":0,"term_taxonomy_id":6,"taxonomy":"job_listing_category","description":"","parent":486,"count":60,"filter":"raw"}],"region":[{"term_id":29,"name":"San Donato Val di Comino","slug":"san-donato-val-di-comino","term_group":0,"term_taxonomy_id":29,"taxonomy":"region","description":"","parent":0,"count":156,"filter":"raw"}],"case27_job_listing_tags":[{"term_id":32,"name":"Accessibile ai disabili","slug":"accessibile-ai-disabili","term_group":0,"term_taxonomy_id":32,"taxonomy":"case27_job_listing_tags","description":"","parent":0,"count":52,"filter":"raw"},{"term_id":31,"name":"Adatto a famiglie e bambini","slug":"adatto-a-famiglie-e-bambini","term_group":0,"term_taxonomy_id":31,"taxonomy":"case27_job_listing_tags","description":"","parent":0,"count":73,"filter":"raw"},{"term_id":153,"name":"Audioguide disponibili","slug":"audioguide-disponibili","term_group":0,"term_taxonomy_id":153,"taxonomy":"case27_job_listing_tags","description":"","parent":0,"count":48,"filter":"raw"},{"term_id":34,"name":"Parcheggio","slug":"parcheggio","term_group":0,"term_taxonomy_id":34,"taxonomy":"case27_job_listing_tags","description":"","parent":0,"count":49,"filter":"raw"},{"term_id":716,"name":"Percorso Borgo Antico","slug":"percorso-borgo-antico","term_group":0,"term_taxonomy_id":716,"taxonomy":"case27_job_listing_tags","description":"","parent":0,"count":20,"filter":"raw"},{"term_id":33,"name":"Pet-friendly","slug":"dog-friendly","term_group":0,"term_taxonomy_id":33,"taxonomy":"case27_job_listing_tags","description":"","parent":0,"count":67,"filter":"raw"},{"term_id":152,"name":"Possibilit\u00e0 di visita guidata","slug":"possibilita-di-visita-guidata","term_group":0,"term_taxonomy_id":152,"taxonomy":"case27_job_listing_tags","description":"","parent":0,"count":54,"filter":"raw"},{"term_id":160,"name":"Visite guidate","slug":"visite-guidate","term_group":0,"term_taxonomy_id":160,"taxonomy":"case27_job_listing_tags","description":"","parent":0,"count":55,"filter":"raw"}],"tipologia-di-tour":[{"term_id":249,"name":"Questa attrazione fa parte di un percorso guidato","slug":"questa-attrazione-fa-parte-di-un-percorso-guidato","term_group":0,"term_taxonomy_id":249,"taxonomy":"tipologia-di-tour","description":"","parent":0,"count":53,"filter":"raw"},{"term_id":250,"name":"Tour di piccoli gruppi","slug":"tour-di-piccoli-gruppi","term_group":0,"term_taxonomy_id":250,"taxonomy":"tipologia-di-tour","description":"","parent":0,"count":60,"filter":"raw"},{"term_id":251,"name":"Tour individuale","slug":"tour-individuale","term_group":0,"term_taxonomy_id":251,"taxonomy":"tipologia-di-tour","description":"","parent":0,"count":60,"filter":"raw"},{"term_id":252,"name":"Tour privato","slug":"tour-privato","term_group":0,"term_taxonomy_id":252,"taxonomy":"tipologia-di-tour","description":"","parent":0,"count":60,"filter":"raw"}],"adatto-per":[{"term_id":256,"name":"Coppie","slug":"coppie","term_group":0,"term_taxonomy_id":256,"taxonomy":"adatto-per","description":"","parent":0,"count":70,"filter":"raw"},{"term_id":257,"name":"Famiglie","slug":"famiglie","term_group":0,"term_taxonomy_id":257,"taxonomy":"adatto-per","description":"","parent":0,"count":65,"filter":"raw"},{"term_id":258,"name":"Gruppi","slug":"gruppi","term_group":0,"term_taxonomy_id":258,"taxonomy":"adatto-per","description":"","parent":0,"count":70,"filter":"raw"},{"term_id":259,"name":"Individuale","slug":"individuale","term_group":0,"term_taxonomy_id":259,"taxonomy":"adatto-per","description":"","parent":0,"count":70,"filter":"raw"}],"tempo-necessario":[{"term_id":265,"name":"Fino ad 1 ora","slug":"fino-ad-1-ora","term_group":0,"term_taxonomy_id":265,"taxonomy":"tempo-necessario","description":"","parent":0,"count":66,"filter":"raw"}],"tipologia-di-biglietto":[{"term_id":270,"name":"Non prevede un biglietto","slug":"non-prevede-un-biglietto","term_group":0,"term_taxonomy_id":270,"taxonomy":"tipologia-di-biglietto","description":"","parent":0,"count":69,"filter":"raw"}],"lingue-disponibili":[{"term_id":278,"name":"Inglese","slug":"inglese","term_group":0,"term_taxonomy_id":278,"taxonomy":"lingue-disponibili","description":"","parent":0,"count":60,"filter":"raw"},{"term_id":279,"name":"Italiano","slug":"italiano","term_group":0,"term_taxonomy_id":279,"taxonomy":"lingue-disponibili","description":"","parent":0,"count":60,"filter":"raw"}],"stagione":[{"term_id":284,"name":"Tutte le stagioni","slug":"tutte-le-stagioni","term_group":0,"term_taxonomy_id":284,"taxonomy":"stagione","description":"","parent":0,"count":70,"filter":"raw"}],"audioguide":[{"term_id":302,"name":"Si, su richiesta","slug":"si-su-richiesta","term_group":0,"term_taxonomy_id":302,"taxonomy":"audioguide","description":"","parent":0,"count":37,"filter":"raw"}],"classificazione":[{"term_id":522,"name":"Punti di riferimenti storici","slug":"punti-di-riferimenti-storici","term_group":0,"term_taxonomy_id":522,"taxonomy":"classificazione","description":"","parent":0,"count":60,"filter":"raw"}]},"featured_image":"https:\/\/visitsandonatovaldicomino.it\/wp-content\/uploads\/2024\/05\/Via-Annunziata-2.jpeg","yoast_head":"<!-- This site is optimized with the Yoast SEO Premium plugin v27.4 (Yoast SEO v27.4) - https:\/\/yoast.com\/product\/yoast-seo-premium-wordpress\/ -->\n<title>Via Annunziata | Visit San Donato Val di Comino<\/title>\n<meta name=\"description\" content=\"La strada prende il nome dalla chiesa dedicata alla Madonna dell\u2019Annunziata, che sorgeva sulle rive del torrente Forca d\u2019Acero. L\u2019edificio, lungo 4,75\" \/>\n<meta name=\"robots\" content=\"index, follow, max-snippet:-1, max-image-preview:large, max-video-preview:-1\" \/>\n<link rel=\"canonical\" href=\"https:\/\/visitsandonatovaldicomino.it\/en\/attraction\/via-annunziata\/\" \/>\n<meta property=\"og:locale\" content=\"en_US\" \/>\n<meta property=\"og:type\" content=\"article\" \/>\n<meta property=\"og:title\" content=\"Via Annunziata | Visit San Donato Val di Comino\" \/>\n<meta property=\"og:description\" content=\"La strada prende il nome dalla chiesa dedicata alla Madonna dell\u2019Annunziata, che sorgeva sulle rive del torrente Forca d\u2019Acero. L\u2019edificio, lungo 4,75\" \/>\n<meta property=\"og:url\" content=\"https:\/\/visitsandonatovaldicomino.it\/en\/attraction\/via-annunziata\/\" \/>\n<meta property=\"og:site_name\" content=\"Visit San Donato Val di Comino\" \/>\n<meta property=\"article:publisher\" content=\"https:\/\/www.facebook.com\/VisitSanDonatoValdiComino\" \/>\n<meta property=\"article:modified_time\" content=\"2025-03-24T20:18:05+00:00\" \/>\n<meta property=\"og:image\" content=\"https:\/\/visitsandonatovaldicomino.it\/wp-content\/uploads\/2024\/05\/Via-Annunziata-2.jpeg\" \/>\n\t<meta property=\"og:image:width\" content=\"1954\" \/>\n\t<meta property=\"og:image:height\" content=\"1466\" \/>\n\t<meta property=\"og:image:type\" content=\"image\/jpeg\" \/>\n<meta name=\"twitter:card\" content=\"summary_large_image\" \/>\n<meta name=\"twitter:description\" content=\"Via Annunziata a San Donato Val di Comino deve il suo nome a una chiesa un tempo situata sulle sponde del torrente Forca d&#039;Acero.\" \/>\n<!-- \/ Yoast SEO Premium plugin. -->","yoast_head_json":{"title":"Via Annunziata | Visit San Donato Val di Comino","description":"The road is named after the church dedicated to Our Lady of the Annunciation, which stood on the banks of the Forca d'Acero stream. The building, which is 4.75 in length","robots":{"index":"index","follow":"follow","max-snippet":"max-snippet:-1","max-image-preview":"max-image-preview:large","max-video-preview":"max-video-preview:-1"},"canonical":"https:\/\/visitsandonatovaldicomino.it\/en\/attraction\/via-annunziata\/","og_locale":"en_US","og_type":"article","og_title":"Via Annunziata | Visit San Donato Val di Comino","og_description":"La strada prende il nome dalla chiesa dedicata alla Madonna dell\u2019Annunziata, che sorgeva sulle rive del torrente Forca d\u2019Acero. L\u2019edificio, lungo 4,75","og_url":"https:\/\/visitsandonatovaldicomino.it\/en\/attraction\/via-annunziata\/","og_site_name":"Visit San Donato Val di Comino","article_publisher":"https:\/\/www.facebook.com\/VisitSanDonatoValdiComino","article_modified_time":"2025-03-24T20:18:05+00:00","og_image":[{"width":1954,"height":1466,"url":"https:\/\/visitsandonatovaldicomino.it\/wp-content\/uploads\/2024\/05\/Via-Annunziata-2.jpeg","type":"image\/jpeg"}],"twitter_card":"summary_large_image","twitter_description":"Via Annunziata a San Donato Val di Comino deve il suo nome a una chiesa un tempo situata sulle sponde del torrente Forca d'Acero.","schema":{"@context":"https:\/\/schema.org","@graph":[{"@type":["WebPage","ItemPage"],"@id":"https:\/\/visitsandonatovaldicomino.it\/attrazione\/via-annunziata\/","url":"https:\/\/visitsandonatovaldicomino.it\/attrazione\/via-annunziata\/","name":"Via Annunziata | Visit San Donato Val di Comino","isPartOf":{"@id":"https:\/\/visitsandonatovaldicomino.it\/#website"},"primaryImageOfPage":{"@id":"https:\/\/visitsandonatovaldicomino.it\/attrazione\/via-annunziata\/#primaryimage"},"image":{"@id":"https:\/\/visitsandonatovaldicomino.it\/attrazione\/via-annunziata\/#primaryimage"},"thumbnailUrl":"https:\/\/visitsandonatovaldicomino.it\/wp-content\/uploads\/2024\/05\/Via-Annunziata-2.jpeg","datePublished":"2024-05-07T15:59:03+00:00","dateModified":"2025-03-24T20:18:05+00:00","description":"The road is named after the church dedicated to Our Lady of the Annunciation, which stood on the banks of the Forca d'Acero stream. The building, which is 4.75 in length","breadcrumb":{"@id":"https:\/\/visitsandonatovaldicomino.it\/attrazione\/via-annunziata\/#breadcrumb"},"inLanguage":"en-US","potentialAction":[{"@type":"ReadAction","target":["https:\/\/visitsandonatovaldicomino.it\/attrazione\/via-annunziata\/"]}]},{"@type":"ImageObject","inLanguage":"en-US","@id":"https:\/\/visitsandonatovaldicomino.it\/attrazione\/via-annunziata\/#primaryimage","url":"https:\/\/visitsandonatovaldicomino.it\/wp-content\/uploads\/2024\/05\/Via-Annunziata-2.jpeg","contentUrl":"https:\/\/visitsandonatovaldicomino.it\/wp-content\/uploads\/2024\/05\/Via-Annunziata-2.jpeg","width":1954,"height":1466},{"@type":"BreadcrumbList","@id":"https:\/\/visitsandonatovaldicomino.it\/attrazione\/via-annunziata\/#breadcrumb","itemListElement":[{"@type":"ListItem","position":1,"name":"Home","item":"https:\/\/visitsandonatovaldicomino.it\/"},{"@type":"ListItem","position":2,"name":"Scopri","item":"https:\/\/visitsandonatovaldicomino.it\/listings\/"},{"@type":"ListItem","position":3,"name":"Punti di riferimenti storici","item":"https:\/\/visitsandonatovaldicomino.it\/classificazione\/punti-di-riferimenti-storici\/"},{"@type":"ListItem","position":4,"name":"Via Annunziata"}]},{"@type":"WebSite","@id":"https:\/\/visitsandonatovaldicomino.it\/#website","url":"https:\/\/visitsandonatovaldicomino.it\/","name":"Visit San Donato Val di Comino","description":"","publisher":{"@id":"https:\/\/visitsandonatovaldicomino.it\/#organization"},"alternateName":"Visit San Donato","potentialAction":[{"@type":"SearchAction","target":{"@type":"EntryPoint","urlTemplate":"https:\/\/visitsandonatovaldicomino.it\/?s={search_term_string}"},"query-input":{"@type":"PropertyValueSpecification","valueRequired":true,"valueName":"search_term_string"}}],"inLanguage":"en-US"},{"@type":"Organization","@id":"https:\/\/visitsandonatovaldicomino.it\/#organization","name":"Visit San Donato Val di Comino","alternateName":"Visit San Donato","url":"https:\/\/visitsandonatovaldicomino.it\/","logo":{"@type":"ImageObject","inLanguage":"en-US","@id":"https:\/\/visitsandonatovaldicomino.it\/#\/schema\/logo\/image\/","url":"https:\/\/visitsandonatovaldicomino.it\/wp-content\/uploads\/2023\/10\/Visit-San-Donato-Val-di-Comino-Logo-White.png","contentUrl":"https:\/\/visitsandonatovaldicomino.it\/wp-content\/uploads\/2023\/10\/Visit-San-Donato-Val-di-Comino-Logo-White.png","width":1920,"height":1061,"caption":"Visit San Donato Val di Comino"},"image":{"@id":"https:\/\/visitsandonatovaldicomino.it\/#\/schema\/logo\/image\/"},"sameAs":["https:\/\/www.facebook.com\/VisitSanDonatoValdiComino","https:\/\/www.instagram.com\/visit_sandonatovaldicomino"],"email":"info@visitsandonatovaldicomino.it","legalName":"Visit San Donato Val di Comino","foundingDate":"2024-05-01","numberOfEmployees":{"@type":"QuantitativeValue","minValue":"1","maxValue":"10"}}]}},"_case27_listing_type":"discover","_informazioni-sulla-struttura":"","_price_range":"","_numero-di-camere":"","_numero-di-bagni":"","_tipologia-di-letti":"","_condizioni-della-prenotazione":"","_lingue-parlate":"","_images-and-files":"","_job_logo":["https:\/\/visitsandonatovaldicomino.it\/wp-content\/uploads\/2024\/05\/n11.png"],"_job_cover":["https:\/\/visitsandonatovaldicomino.it\/wp-content\/uploads\/2024\/05\/Via-Annunziata-003.jpg"],"_job_gallery":["https:\/\/visitsandonatovaldicomino.it\/wp-content\/uploads\/2024\/05\/Via-Annunziata-001.jpeg","https:\/\/visitsandonatovaldicomino.it\/wp-content\/uploads\/2024\/05\/Via-Annunziata-002.jpeg","https:\/\/visitsandonatovaldicomino.it\/wp-content\/uploads\/2024\/05\/Via-Annunziata-001.jpg","https:\/\/visitsandonatovaldicomino.it\/wp-content\/uploads\/2024\/05\/Via-Annunziata.jpeg","https:\/\/visitsandonatovaldicomino.it\/wp-content\/uploads\/2024\/05\/Via-Annunziata-004.jpg","https:\/\/visitsandonatovaldicomino.it\/wp-content\/uploads\/2024\/05\/Via-Annunziata-003.jpg","https:\/\/visitsandonatovaldicomino.it\/wp-content\/uploads\/2024\/05\/Via-Annunziata-1.jpeg","https:\/\/visitsandonatovaldicomino.it\/wp-content\/uploads\/2024\/05\/Via-Annunziata-2.jpeg","https:\/\/visitsandonatovaldicomino.it\/wp-content\/uploads\/2024\/05\/Via-Annunziata-3.jpeg"],"_contact-information":"","_job_email":"","_job_phone":"","_whatsapp":"","_job_website":"","_links":{"self":[{"href":"https:\/\/visitsandonatovaldicomino.it\/en\/wp-json\/wp\/v2\/job_listing\/2269","targetHints":{"allow":["GET"]}}],"collection":[{"href":"https:\/\/visitsandonatovaldicomino.it\/en\/wp-json\/wp\/v2\/job_listing"}],"about":[{"href":"https:\/\/visitsandonatovaldicomino.it\/en\/wp-json\/wp\/v2\/types\/job_listing"}],"replies":[{"embeddable":true,"href":"https:\/\/visitsandonatovaldicomino.it\/en\/wp-json\/wp\/v2\/comments?post=2269"}],"wp:featuredmedia":[{"embeddable":true,"href":"https:\/\/visitsandonatovaldicomino.it\/en\/wp-json\/wp\/v2\/media\/2619"}],"wp:attachment":[{"href":"https:\/\/visitsandonatovaldicomino.it\/en\/wp-json\/wp\/v2\/media?parent=2269"}],"wp:term":[{"taxonomy":"job_listing_category","embeddable":true,"href":"https:\/\/visitsandonatovaldicomino.it\/en\/wp-json\/wp\/v2\/job_listing_category?post=2269"},{"taxonomy":"region","embeddable":true,"href":"https:\/\/visitsandonatovaldicomino.it\/en\/wp-json\/wp\/v2\/region?post=2269"},{"taxonomy":"case27_job_listing_tags","embeddable":true,"href":"https:\/\/visitsandonatovaldicomino.it\/en\/wp-json\/wp\/v2\/case27_job_listing_tags?post=2269"}],"curies":[{"name":"wp","href":"https:\/\/api.w.org\/{rel}","templated":true}]},"_job_expires":"","_edit_lock":"1742847563:1","_edit_last":"1","_featured":"0","_claimed":"1","_thumbnail_id":"2619","_numero-di-divani-letto":"","_form-di-prenotazione-bookingcom":"","_servizi-dettagli":"","_parcheggio":"","_internet":"","_servizi-di-ristorazione":"","_camera-da-letto":"","_area-soggiorno":"","_bagno":"","_media-e-tecnologia":"","_custom-field-4921":"","_custom-field-1272":"","_custom-field-1169":"","_custom-field-4630":"","_custom-field-6538":"","_trasporti":"","_sicurezza":"","_inserisci-il-tuo-cir-codice-identificativo-regionale":"","_regole-della-struttura":"","_checkinstart":"","_orario-di-fine-check-in":"","_orarioiniziocheckout":"","_orario-di-fine-check-out":"","_animali":"","_feste":"","_fumatori":"","_bambini-e-letti":"","_wp_old_slug":"","tp_widgets":{"widgets":["plus-alignmnet-effect","plus-content-hover-effect","tp-mobile-menu","tp-social-1-2-layout","tp-social-sharing"],"update_at":"1775143111"},"_certificazione":"","_guest-card":"","_strutture-san-donato-val-di-comino-guest-card-inclusa":"","_informazioni":"","_dislivello":"","_durata-ore":"","_durata-minuti":"","_difficolt":"","_stagione-ideale":"","_condizioni-fisiche":"","_direzione":"","_cartina":"","_form_heading":"","_location":"","_informazioni-di-contatto":"","_nome-del-gestore":"","_maggiori-informazioni":"","_scala-alpinistica-logo":"","_wikilock":"","_case27_review_count":"0","_lunghezza":"","_sentiero-adatto-per":"","_partenza":"","_arrivo":"","_indirizzo-dellorganizzatore":"","_sito-web":"","_cmplz_remote_scanned_post":"","_outdooractive-snippet":"","_logo-ente-fornitore-dei-dati":"","_job_video_url":"","_vini-prodotti":"","_n-di-bottiglie":"","_metodo-agricolo":"","_tecnica-di-vinificazione":"","_botte":"","_le-tipologie-di-degustazione":"","_i-vini-acquistabili-in-cantina":"","_servizi":"","_pagamenti-accettati":"","_work_hours":{"Monday":{"status":"enter-hours"},"Tuesday":{"status":"enter-hours"},"Wednesday":{"status":"enter-hours"},"Thursday":{"status":"enter-hours"},"Friday":{"status":"enter-hours"},"Saturday":{"status":"enter-hours"},"Sunday":{"status":"enter-hours"},"timezone":"UTC"},"_la-degustazione":"","_indicare-il-numero-massimo-di-gruppi":"","_durata-della-visita-ore":"","_durata-della-visita-minuti":"","_prezzo-degustazione":"","_prenotazione":"","_case27_listing_bookmarks":"","_restaurant_menu":"","_gambero-rosso":"","_michelin-guide":"","_tipologia-di-cucina":"","_il-cuoco":"","_servizi-eco-friendly":"","_accessibilit":"","_widget-tripadvisor":"","_tripadvisor-reviews-widget":"","_esperienze-proposte-dalla-struttura":"","_mylisting_stats_cache":"","_job_edited":"","theplus_transient_widgets":"","_tribe_ticket_capacity":"","_tribe_ticket_version":"","_elementor_page_assets":[],"_elementor_css":"","_adatto-per":["Gruppi","Individuale","Coppie","Bambini"],"_stagione-indicata":["Tutte le stagioni"],"_durata-tempo-di-visita":"Fino ad 1 ora","_lingue-disponibili":["Italiano","Inglese"],"_costo-del-biglietto":"","_sentiero":"","_tempo-di-percorrenza":"","_difficolta-simbolo":[],"_tipologia-di-biglietto":"Non prevede un biglietto","_tipologia-di-tour":["Questa attrazione fa parte di un percorso guidato","Tour di piccoli gruppi","Tour privato","Tour individuale"],"_sono-previste-audioguide":"Su richiesta","_tour-a-360":"","_domande-frequenti":"","_curiosit":"","_storie-correlate":"","_adattoper":[],"_tickettype":"","_tipologiatour":[],"_sono-previsteaudiog":"","_langdisp":[],"_luogo":"","_immagini":"","__track_stats":"","_custom-field-1612":"","_job_title":"","_job_description":"","_tipologia-di-attivita":"","_wp_old_date":""}