{"id":16405,"date":"2025-03-24T19:38:30","date_gmt":"2025-03-24T17:38:30","guid":{"rendered":"https:\/\/visitsandonatovaldicomino.it\/attrazione\/"},"modified":"2025-03-24T21:08:13","modified_gmt":"2025-03-24T19:08:13","slug":"casa-de-lion-winter-y-samuel-brull","status":"publish","type":"job_listing","link":"https:\/\/visitsandonatovaldicomino.it\/es\/atraccion\/casa-de-lion-winter-y-samuel-brull\/","title":{"rendered":"Domicilio de Leo Winter y Samuel Brull"},"featured_media":0,"comment_status":"closed","ping_status":"closed","template":"","meta":[],"job_listing_category":[6],"region":[29],"case27_job_listing_tags":[31,153,154,34,715,33,152,160],"class_list":{"0":"post-16405","1":"job_listing","2":"type-job_listing","3":"status-publish","4":"hentry","5":"job_listing_category-poi","6":"region-san-donato-val-di-comino","7":"case27_job_listing_tags-adatto-a-famiglie-e-bambini","8":"case27_job_listing_tags-audioguide-disponibili","9":"case27_job_listing_tags-monumento-storico","10":"case27_job_listing_tags-parcheggio","11":"case27_job_listing_tags-percorso-novecento","12":"case27_job_listing_tags-dog-friendly","13":"case27_job_listing_tags-possibilita-di-visita-guidata","14":"case27_job_listing_tags-visite-guidate","15":"tipologia-di-tour-questa-attrazione-fa-parte-di-un-percorso-guidato","16":"tipologia-di-tour-tour-di-piccoli-gruppi","17":"tipologia-di-tour-tour-individuale","18":"tipologia-di-tour-tour-privato","19":"adatto-per-accessibile-a-utenti-su-sedia-a-rotelle","20":"adatto-per-coppie","21":"adatto-per-famiglie","22":"adatto-per-gruppi","23":"adatto-per-individuale","24":"tempo-necessario-fino-ad-1-ora","25":"tipologia-di-biglietto-non-prevede-un-biglietto","26":"lingue-disponibili-inglese","27":"lingue-disponibili-italiano","28":"stagione-tutte-le-stagioni","29":"audioguide-su-richiesta","30":"classificazione-punti-di-riferimenti-storici","32":""},"newaddress":"Via Maggiore, 133, 03046 San Donato Val di Comino FR, Italy","newlat":"41.70703","newlng":"13.81143","comments_ratings":false,"listing_data":{"_case27_listing_type":"discover","_job_title":"","_job_description":"In questa abitazione visse Leone Winter, un ebreo polacco internato a San Donato dal 1942 al 1944. Leone era un falegname, apprezzato dai sandonatesi perch\u00e9 realizzava zoccoli di legno nella foggia in uso nella sua nazione. Grazie a questi piccoli manufatti Leone riusc\u00ec a racimolare qualche lira e a sopravvivere alle difficolt\u00e0 economiche del tempo di guerra. In quanto internato a lui era vietato lavorare, e quindi realizzare gli zoccoli, poich\u00e9 usufruiva del piccolo sussidio riservato ai profughi. Nel 1943 si trasfer\u00ec nell\u2019appartamento di Leone anche Samuel Brull, internato polacco di religione ebraica.\r\n\r\n<strong>Leone Winter<\/strong>\r\n\r\nNato a Lodz (Polonia) il 23 maggio 1910, entr\u00f2 clandestinamente in Italia il 2 maggio 1940 per sfuggire alle persecuzioni naziste. Il 7 agosto 1940 fu arrestato a Trieste. Il 30 agosto venne internato nel campo di Ferramonti di Tarsia (Cosenza). Il 17 settembre 1942 le autorit\u00e0 decisero di trasferito a San Donato. In paese era legato ai coniugi Adler e alla famiglia Tenenbaum, tutti ebrei internati, domiciliati nei pressi della sua abitazione. Durante l\u2019occupazione tedesca (1943-1944) riusc\u00ec a sfuggire alla cattura e alla deportazione ad Auschwitz. Nel 1945 volle scrivere al Comune per ringraziare dell\u2019aiuto ricevuto: \u00ab[\u2026] Ora mi trovo in Polonia e Vi prego di far sapere il mio indirizzo [agli altri internati]. Tanti saluti a tutti i Sandonatesi. Mille grazie ai tutti che mi aiutavano nei tempi del mio internamento\u00bb.\r\n\r\n<strong>Gli zoccoli di leone<\/strong>\r\n\r\nNei due anni di permanenza a San Donato, Leone Winter realizz\u00f2 numerosi zoccoli, chiamati dai sandonatesi <em>patit\u00eb<\/em> (da \u201cpatito\u201d, vocabolo medievale in uso a Venezia). Ad aiutarlo fu il falegname Ottorino Quintiliani, che non lo denunci\u00f2, ma lo prese a lavorare nella sua bottega di via Napoli. Da quel momento i patiti presero il posto delle ciocie, diventando le nuove calzature dei pi\u00f9 poveri. Leone fu soprannominato dagli amici \u201cP\u2019cchitt\u00eb\u201d (Picchietto), dal rumore che faceva quando lavorava, perch\u00e9 ricordava quello del picchio, l\u2019uccello che \u201cpicchia\u201d sulla corteccia degli alberi. I falegnami sandonatesi produssero questo tipo di zoccoli fino ai primi anni settanta.\r\n\r\n<strong>Samuel Brull<\/strong>\r\n\r\nSamuel nacque a Kalisz (Polonia) il 14 maggio 1910. Laureato in medicina a Parma, il 23 giugno 1940 fu internato nel campo di concentramento di Campagna (Salerno), il 26 giugno nel campo di Ferramonti di Tarsia (Cosenza) e il 4 marzo 1943 a San Donato Val di Comino perch\u00e9 la zia, Chane Feldhorn, chiese il ricongiungimento familiare. Samuel ebbe uno scontro con alcuni giovani del posto. Secondo un rapporto delle autorit\u00e0 di pubblica sicurezza risulta che non fu dovuto a motivi razziali, ma a una questione sentimentale dove l\u2019oggetto della contesa fu una bella ragazza iugoslava, anch\u2019essa internata. Questa fu l\u2019unica occasione di scontro tra i sandonatesi e gli internati. Durante l\u2019occupazione tedesca Samuel riusc\u00ec a sfuggire all\u2019arresto perch\u00e9 i sandonatesi lo aiutarono a nascondersi in una grotta in montagna, in localit\u00e0 Vorga.","_job_logo":["https:\/\/visitsandonatovaldicomino.it\/wp-content\/uploads\/2024\/05\/s25.png"],"_work_hours":{"Monday":{"status":"enter-hours"},"Tuesday":{"status":"enter-hours"},"Wednesday":{"status":"enter-hours"},"Thursday":{"status":"enter-hours"},"Friday":{"status":"enter-hours"},"Saturday":{"status":"enter-hours"},"Sunday":{"status":"enter-hours"},"timezone":"Europe\/Rome"},"_costo-del-biglietto":"","_form_heading":"","_job_cover":[],"_job_gallery":[],"_location":"","_sentiero":"","_tour-a-360":"","_domande-frequenti":"","_curiosit":"","_storie-correlate":"","_job_website":"","_job_phone":"","_job_email":"","_links":[],"_edit_lock":"1742843417:1","_edit_last":"1","_yoast_indexnow_last_ping":"1742843293","_job_expires":"","_wp_old_slug":"domicilio-di-chane-e-kreiner-feldhorn-2","_wc_memberships_force_public":"no","_wc_memberships_use_custom_content_restricted_message":"no","cmplz_hide_cookiebanner":"","_yoast_wpseo_primary_job_listing_category":"","_yoast_wpseo_primary_region":"","_yoast_wpseo_primary_tipologia-di-tour":"","_yoast_wpseo_primary_adatto-per":"","_yoast_wpseo_primary_tempo-necessario":"","_yoast_wpseo_primary_tipologia-di-biglietto":"","_yoast_wpseo_primary_lingue-disponibili":"","_yoast_wpseo_primary_stagione":"","_yoast_wpseo_primary_audioguide":"","_yoast_wpseo_primary_classificazione":"","_yoast_wpseo_focuskw":"Domicilio di Leone Winter e Samuel Brull","_yoast_wpseo_linkdex":"53","_yoast_wpseo_focuskeywords":"","_yoast_wpseo_keywordsynonyms":"","_yoast_wpseo_estimated-reading-time-minutes":"3","_featured":"0","_claimed":"1","tp_widgets":{"widgets":["plus-alignmnet-effect","plus-content-hover-effect","tp-mobile-menu","tp-social-1-2-layout","tp-social-sharing"],"update_at":"1775143111"},"_yoast_wpseo_content_score":"30","_cmplz_scanned_post":"1","_elementor_page_assets":[],"_case27_listing_type_name":"Attrazioni"},"cost":{"currency":"EUR","price":"","merge":"EUR "},"pure_taxonomies":{"job_listing_category":[{"term_id":6,"name":"Punto di riferimento storico","slug":"poi","term_group":0,"term_taxonomy_id":6,"taxonomy":"job_listing_category","description":"","parent":486,"count":60,"filter":"raw"}],"region":[{"term_id":29,"name":"San Donato Val di Comino","slug":"san-donato-val-di-comino","term_group":0,"term_taxonomy_id":29,"taxonomy":"region","description":"","parent":0,"count":156,"filter":"raw"}],"case27_job_listing_tags":[{"term_id":31,"name":"Adatto a famiglie e bambini","slug":"adatto-a-famiglie-e-bambini","term_group":0,"term_taxonomy_id":31,"taxonomy":"case27_job_listing_tags","description":"","parent":0,"count":73,"filter":"raw"},{"term_id":153,"name":"Audioguide disponibili","slug":"audioguide-disponibili","term_group":0,"term_taxonomy_id":153,"taxonomy":"case27_job_listing_tags","description":"","parent":0,"count":48,"filter":"raw"},{"term_id":154,"name":"Monumento storico","slug":"monumento-storico","term_group":0,"term_taxonomy_id":154,"taxonomy":"case27_job_listing_tags","description":"","parent":0,"count":37,"filter":"raw"},{"term_id":34,"name":"Parcheggio","slug":"parcheggio","term_group":0,"term_taxonomy_id":34,"taxonomy":"case27_job_listing_tags","description":"","parent":0,"count":49,"filter":"raw"},{"term_id":715,"name":"Percorso Novecento","slug":"percorso-novecento","term_group":0,"term_taxonomy_id":715,"taxonomy":"case27_job_listing_tags","description":"","parent":0,"count":30,"filter":"raw"},{"term_id":33,"name":"Pet-friendly","slug":"dog-friendly","term_group":0,"term_taxonomy_id":33,"taxonomy":"case27_job_listing_tags","description":"","parent":0,"count":67,"filter":"raw"},{"term_id":152,"name":"Possibilit\u00e0 di visita guidata","slug":"possibilita-di-visita-guidata","term_group":0,"term_taxonomy_id":152,"taxonomy":"case27_job_listing_tags","description":"","parent":0,"count":54,"filter":"raw"},{"term_id":160,"name":"Visite guidate","slug":"visite-guidate","term_group":0,"term_taxonomy_id":160,"taxonomy":"case27_job_listing_tags","description":"","parent":0,"count":55,"filter":"raw"}],"tipologia-di-tour":[{"term_id":249,"name":"Questa attrazione fa parte di un percorso guidato","slug":"questa-attrazione-fa-parte-di-un-percorso-guidato","term_group":0,"term_taxonomy_id":249,"taxonomy":"tipologia-di-tour","description":"","parent":0,"count":53,"filter":"raw"},{"term_id":250,"name":"Tour di piccoli gruppi","slug":"tour-di-piccoli-gruppi","term_group":0,"term_taxonomy_id":250,"taxonomy":"tipologia-di-tour","description":"","parent":0,"count":60,"filter":"raw"},{"term_id":251,"name":"Tour individuale","slug":"tour-individuale","term_group":0,"term_taxonomy_id":251,"taxonomy":"tipologia-di-tour","description":"","parent":0,"count":60,"filter":"raw"},{"term_id":252,"name":"Tour privato","slug":"tour-privato","term_group":0,"term_taxonomy_id":252,"taxonomy":"tipologia-di-tour","description":"","parent":0,"count":60,"filter":"raw"}],"adatto-per":[{"term_id":254,"name":"Accessibile a utenti su sedia a rotelle","slug":"accessibile-a-utenti-su-sedia-a-rotelle","term_group":0,"term_taxonomy_id":254,"taxonomy":"adatto-per","description":"","parent":0,"count":43,"filter":"raw"},{"term_id":256,"name":"Coppie","slug":"coppie","term_group":0,"term_taxonomy_id":256,"taxonomy":"adatto-per","description":"","parent":0,"count":70,"filter":"raw"},{"term_id":257,"name":"Famiglie","slug":"famiglie","term_group":0,"term_taxonomy_id":257,"taxonomy":"adatto-per","description":"","parent":0,"count":65,"filter":"raw"},{"term_id":258,"name":"Gruppi","slug":"gruppi","term_group":0,"term_taxonomy_id":258,"taxonomy":"adatto-per","description":"","parent":0,"count":70,"filter":"raw"},{"term_id":259,"name":"Individuale","slug":"individuale","term_group":0,"term_taxonomy_id":259,"taxonomy":"adatto-per","description":"","parent":0,"count":70,"filter":"raw"}],"tempo-necessario":[{"term_id":265,"name":"Fino ad 1 ora","slug":"fino-ad-1-ora","term_group":0,"term_taxonomy_id":265,"taxonomy":"tempo-necessario","description":"","parent":0,"count":66,"filter":"raw"}],"tipologia-di-biglietto":[{"term_id":270,"name":"Non prevede un biglietto","slug":"non-prevede-un-biglietto","term_group":0,"term_taxonomy_id":270,"taxonomy":"tipologia-di-biglietto","description":"","parent":0,"count":69,"filter":"raw"}],"lingue-disponibili":[{"term_id":278,"name":"Inglese","slug":"inglese","term_group":0,"term_taxonomy_id":278,"taxonomy":"lingue-disponibili","description":"","parent":0,"count":60,"filter":"raw"},{"term_id":279,"name":"Italiano","slug":"italiano","term_group":0,"term_taxonomy_id":279,"taxonomy":"lingue-disponibili","description":"","parent":0,"count":60,"filter":"raw"}],"stagione":[{"term_id":284,"name":"Tutte le stagioni","slug":"tutte-le-stagioni","term_group":0,"term_taxonomy_id":284,"taxonomy":"stagione","description":"","parent":0,"count":70,"filter":"raw"}],"audioguide":[{"term_id":303,"name":"Su richiesta","slug":"su-richiesta","term_group":0,"term_taxonomy_id":303,"taxonomy":"audioguide","description":"","parent":0,"count":18,"filter":"raw"}],"classificazione":[{"term_id":522,"name":"Punti di riferimenti storici","slug":"punti-di-riferimenti-storici","term_group":0,"term_taxonomy_id":522,"taxonomy":"classificazione","description":"","parent":0,"count":60,"filter":"raw"}]},"featured_image":null,"yoast_head":"<!-- This site is optimized with the Yoast SEO Premium plugin v27.4 (Yoast SEO v27.4) - https:\/\/yoast.com\/product\/yoast-seo-premium-wordpress\/ -->\n<title>Domicilio di Leone Winter e Samuel Brull | Visit San Donato Val di Comino<\/title>\n<meta name=\"description\" content=\"In questa abitazione visse Leone Winter, un ebreo polacco internato a San Donato dal 1942 al 1944. Leone era un falegname, apprezzato dai sandonatesi\" \/>\n<meta name=\"robots\" content=\"index, follow, max-snippet:-1, max-image-preview:large, max-video-preview:-1\" \/>\n<link rel=\"canonical\" href=\"https:\/\/visitsandonatovaldicomino.it\/es\/atraccion\/casa-de-lion-winter-y-samuel-brull\/\" \/>\n<meta property=\"og:locale\" content=\"es_ES\" \/>\n<meta property=\"og:type\" content=\"article\" \/>\n<meta property=\"og:title\" content=\"Domicilio di Leone Winter e Samuel Brull | Visit San Donato Val di Comino\" \/>\n<meta property=\"og:description\" content=\"In questa abitazione visse Leone Winter, un ebreo polacco internato a San Donato dal 1942 al 1944. Leone era un falegname, apprezzato dai sandonatesi\" \/>\n<meta property=\"og:url\" content=\"https:\/\/visitsandonatovaldicomino.it\/es\/atraccion\/casa-de-lion-winter-y-samuel-brull\/\" \/>\n<meta property=\"og:site_name\" content=\"Visit San Donato Val di Comino\" \/>\n<meta property=\"article:publisher\" content=\"https:\/\/www.facebook.com\/VisitSanDonatoValdiComino\" \/>\n<meta property=\"article:modified_time\" content=\"2025-03-24T19:08:13+00:00\" \/>\n<meta name=\"twitter:card\" content=\"summary_large_image\" \/>\n<!-- \/ Yoast SEO Premium plugin. -->","yoast_head_json":{"title":"Domicilio de Leone Winter y Samuel Brull | Visita San Donato Val di Comino","description":"En esta casa viv\u00eda Leone Winter, un jud\u00edo polaco internado en San Donato de 1942 a 1944. Leone era carpintero, apreciado por la gente de San Donato.","robots":{"index":"index","follow":"follow","max-snippet":"max-snippet:-1","max-image-preview":"max-image-preview:large","max-video-preview":"max-video-preview:-1"},"canonical":"https:\/\/visitsandonatovaldicomino.it\/es\/atraccion\/casa-de-lion-winter-y-samuel-brull\/","og_locale":"es_ES","og_type":"article","og_title":"Domicilio di Leone Winter e Samuel Brull | Visit San Donato Val di Comino","og_description":"In questa abitazione visse Leone Winter, un ebreo polacco internato a San Donato dal 1942 al 1944. Leone era un falegname, apprezzato dai sandonatesi","og_url":"https:\/\/visitsandonatovaldicomino.it\/es\/atraccion\/casa-de-lion-winter-y-samuel-brull\/","og_site_name":"Visit San Donato Val di Comino","article_publisher":"https:\/\/www.facebook.com\/VisitSanDonatoValdiComino","article_modified_time":"2025-03-24T19:08:13+00:00","twitter_card":"summary_large_image","schema":{"@context":"https:\/\/schema.org","@graph":[{"@type":["WebPage","ItemPage"],"@id":"https:\/\/visitsandonatovaldicomino.it\/attrazione\/domicilio-di-leone-winter-e-samuel-brull\/","url":"https:\/\/visitsandonatovaldicomino.it\/attrazione\/domicilio-di-leone-winter-e-samuel-brull\/","name":"Domicilio de Leone Winter y Samuel Brull | Visita San Donato Val di Comino","isPartOf":{"@id":"https:\/\/visitsandonatovaldicomino.it\/#website"},"datePublished":"2025-03-24T17:38:30+00:00","dateModified":"2025-03-24T19:08:13+00:00","description":"En esta casa viv\u00eda Leone Winter, un jud\u00edo polaco internado en San Donato de 1942 a 1944. Leone era carpintero, apreciado por la gente de San Donato.","breadcrumb":{"@id":"https:\/\/visitsandonatovaldicomino.it\/attrazione\/domicilio-di-leone-winter-e-samuel-brull\/#breadcrumb"},"inLanguage":"es","potentialAction":[{"@type":"ReadAction","target":["https:\/\/visitsandonatovaldicomino.it\/attrazione\/domicilio-di-leone-winter-e-samuel-brull\/"]}]},{"@type":"BreadcrumbList","@id":"https:\/\/visitsandonatovaldicomino.it\/attrazione\/domicilio-di-leone-winter-e-samuel-brull\/#breadcrumb","itemListElement":[{"@type":"ListItem","position":1,"name":"Home","item":"https:\/\/visitsandonatovaldicomino.it\/"},{"@type":"ListItem","position":2,"name":"Scopri","item":"https:\/\/visitsandonatovaldicomino.it\/listings\/"},{"@type":"ListItem","position":3,"name":"Punti di riferimenti storici","item":"https:\/\/visitsandonatovaldicomino.it\/classificazione\/punti-di-riferimenti-storici\/"},{"@type":"ListItem","position":4,"name":"Domicilio di Leone Winter e Samuel Brull"}]},{"@type":"WebSite","@id":"https:\/\/visitsandonatovaldicomino.it\/#website","url":"https:\/\/visitsandonatovaldicomino.it\/","name":"Visit San Donato Val di Comino","description":"","publisher":{"@id":"https:\/\/visitsandonatovaldicomino.it\/#organization"},"alternateName":"Visit San Donato","potentialAction":[{"@type":"SearchAction","target":{"@type":"EntryPoint","urlTemplate":"https:\/\/visitsandonatovaldicomino.it\/?s={search_term_string}"},"query-input":{"@type":"PropertyValueSpecification","valueRequired":true,"valueName":"search_term_string"}}],"inLanguage":"es"},{"@type":"Organization","@id":"https:\/\/visitsandonatovaldicomino.it\/#organization","name":"Visit San Donato Val di Comino","alternateName":"Visit San Donato","url":"https:\/\/visitsandonatovaldicomino.it\/","logo":{"@type":"ImageObject","inLanguage":"es","@id":"https:\/\/visitsandonatovaldicomino.it\/#\/schema\/logo\/image\/","url":"https:\/\/visitsandonatovaldicomino.it\/wp-content\/uploads\/2023\/10\/Visit-San-Donato-Val-di-Comino-Logo-White.png","contentUrl":"https:\/\/visitsandonatovaldicomino.it\/wp-content\/uploads\/2023\/10\/Visit-San-Donato-Val-di-Comino-Logo-White.png","width":1920,"height":1061,"caption":"Visit San Donato Val di Comino"},"image":{"@id":"https:\/\/visitsandonatovaldicomino.it\/#\/schema\/logo\/image\/"},"sameAs":["https:\/\/www.facebook.com\/VisitSanDonatoValdiComino","https:\/\/www.instagram.com\/visit_sandonatovaldicomino"],"email":"info@visitsandonatovaldicomino.it","legalName":"Visit San Donato Val di Comino","foundingDate":"2024-05-01","numberOfEmployees":{"@type":"QuantitativeValue","minValue":"1","maxValue":"10"}}]}},"_case27_listing_type":"discover","_informazioni-sulla-struttura":"","_price_range":"","_numero-di-camere":"","_numero-di-bagni":"","_tipologia-di-letti":"","_condizioni-della-prenotazione":"","_lingue-parlate":"","_images-and-files":"","_job_logo":["https:\/\/visitsandonatovaldicomino.it\/wp-content\/uploads\/2024\/05\/s25.png"],"_job_cover":[],"_job_gallery":[],"_contact-information":"","_job_email":"","_job_phone":"","_whatsapp":"","_job_website":"","_links":{"self":[{"href":"https:\/\/visitsandonatovaldicomino.it\/es\/wp-json\/wp\/v2\/job_listing\/16405","targetHints":{"allow":["GET"]}}],"collection":[{"href":"https:\/\/visitsandonatovaldicomino.it\/es\/wp-json\/wp\/v2\/job_listing"}],"about":[{"href":"https:\/\/visitsandonatovaldicomino.it\/es\/wp-json\/wp\/v2\/types\/job_listing"}],"replies":[{"embeddable":true,"href":"https:\/\/visitsandonatovaldicomino.it\/es\/wp-json\/wp\/v2\/comments?post=16405"}],"wp:attachment":[{"href":"https:\/\/visitsandonatovaldicomino.it\/es\/wp-json\/wp\/v2\/media?parent=16405"}],"wp:term":[{"taxonomy":"job_listing_category","embeddable":true,"href":"https:\/\/visitsandonatovaldicomino.it\/es\/wp-json\/wp\/v2\/job_listing_category?post=16405"},{"taxonomy":"region","embeddable":true,"href":"https:\/\/visitsandonatovaldicomino.it\/es\/wp-json\/wp\/v2\/region?post=16405"},{"taxonomy":"case27_job_listing_tags","embeddable":true,"href":"https:\/\/visitsandonatovaldicomino.it\/es\/wp-json\/wp\/v2\/case27_job_listing_tags?post=16405"}],"curies":[{"name":"wp","href":"https:\/\/api.w.org\/{rel}","templated":true}]},"_job_expires":"","_edit_lock":"1742843417:1","_edit_last":"1","_featured":"0","_claimed":"1","_thumbnail_id":"","_numero-di-divani-letto":"","_form-di-prenotazione-bookingcom":"","_servizi-dettagli":"","_parcheggio":"","_internet":"","_servizi-di-ristorazione":"","_camera-da-letto":"","_area-soggiorno":"","_bagno":"","_media-e-tecnologia":"","_custom-field-4921":"","_custom-field-1272":"","_custom-field-1169":"","_custom-field-4630":"","_custom-field-6538":"","_trasporti":"","_sicurezza":"","_inserisci-il-tuo-cir-codice-identificativo-regionale":"","_regole-della-struttura":"","_checkinstart":"","_orario-di-fine-check-in":"","_orarioiniziocheckout":"","_orario-di-fine-check-out":"","_animali":"","_feste":"","_fumatori":"","_bambini-e-letti":"","_wp_old_slug":"domicilio-di-chane-e-kreiner-feldhorn-2","tp_widgets":{"widgets":["plus-alignmnet-effect","plus-content-hover-effect","tp-mobile-menu","tp-social-1-2-layout","tp-social-sharing"],"update_at":"1775143111"},"_certificazione":"","_guest-card":"","_strutture-san-donato-val-di-comino-guest-card-inclusa":"","_informazioni":"","_dislivello":"","_durata-ore":"","_durata-minuti":"","_difficolt":"","_stagione-ideale":"","_condizioni-fisiche":"","_direzione":"","_cartina":"","_form_heading":"","_location":"","_informazioni-di-contatto":"","_nome-del-gestore":"","_maggiori-informazioni":"","_scala-alpinistica-logo":"","_wikilock":"","_case27_review_count":"","_lunghezza":"","_sentiero-adatto-per":"","_partenza":"","_arrivo":"","_indirizzo-dellorganizzatore":"","_sito-web":"","_cmplz_remote_scanned_post":"","_outdooractive-snippet":"","_logo-ente-fornitore-dei-dati":"","_job_video_url":"","_vini-prodotti":"","_n-di-bottiglie":"","_metodo-agricolo":"","_tecnica-di-vinificazione":"","_botte":"","_le-tipologie-di-degustazione":"","_i-vini-acquistabili-in-cantina":"","_servizi":"","_pagamenti-accettati":"","_work_hours":{"Monday":{"status":"enter-hours"},"Tuesday":{"status":"enter-hours"},"Wednesday":{"status":"enter-hours"},"Thursday":{"status":"enter-hours"},"Friday":{"status":"enter-hours"},"Saturday":{"status":"enter-hours"},"Sunday":{"status":"enter-hours"},"timezone":"Europe\/Rome"},"_la-degustazione":"","_indicare-il-numero-massimo-di-gruppi":"","_durata-della-visita-ore":"","_durata-della-visita-minuti":"","_prezzo-degustazione":"","_prenotazione":"","_case27_listing_bookmarks":"","_restaurant_menu":"","_gambero-rosso":"","_michelin-guide":"","_tipologia-di-cucina":"","_il-cuoco":"","_servizi-eco-friendly":"","_accessibilit":"","_widget-tripadvisor":"","_tripadvisor-reviews-widget":"","_esperienze-proposte-dalla-struttura":"","_mylisting_stats_cache":"","_job_edited":"","theplus_transient_widgets":"","_tribe_ticket_capacity":"","_tribe_ticket_version":"","_elementor_page_assets":[],"_elementor_css":"","_adatto-per":"","_stagione-indicata":"","_durata-tempo-di-visita":"","_lingue-disponibili":"","_costo-del-biglietto":"","_sentiero":"","_tempo-di-percorrenza":"","_difficolta-simbolo":"","_tipologia-di-biglietto":"","_tipologia-di-tour":"","_sono-previste-audioguide":"","_tour-a-360":"","_domande-frequenti":"","_curiosit":"","_storie-correlate":"","_adattoper":"","_tickettype":"","_tipologiatour":"","_sono-previsteaudiog":"","_langdisp":"","_luogo":"","_immagini":"","__track_stats":"","_custom-field-1612":"","_job_title":"","_job_description":"","_tipologia-di-attivita":"","_wp_old_date":""}